{"id":10,"date":"2009-10-27T16:26:15","date_gmt":"2009-10-27T16:26:15","guid":{"rendered":"http:\/\/www.jezuici.pl\/gemeinde\/?page_id=10"},"modified":"2021-01-10T18:39:03","modified_gmt":"2021-01-10T18:39:03","slug":"jesuiten","status":"publish","type":"page","link":"https:\/\/gemeinde.jezuici.pl\/?page_id=10","title":{"rendered":"Jesuiten"},"content":{"rendered":"<p>[et_pb_section fb_built=&#8220;1&#8243; fullwidth=&#8220;on&#8220; _builder_version=&#8220;4.4.7&#8243;][et_pb_fullwidth_slider _builder_version=&#8220;4.7.7&#8243; background_image=&#8220;https:\/\/www.gemeinde.jezuici.pl\/files\/2021\/01\/hintergrund_slider-scaled.jpg&#8220; animation_style=&#8220;zoom&#8220; auto=&#8220;on&#8220; auto_speed=&#8220;5000&#8243; hover_enabled=&#8220;0&#8243; background_size=&#8220;contain&#8220; sticky_enabled=&#8220;0&#8243;][et_pb_slide image=&#8220;https:\/\/www.gemeinde.jezuici.pl\/files\/2018\/07\/getsemani-stoss.jpg&#8220; _builder_version=&#8220;4.7.7&#8243; background_image=&#8220;https:\/\/www.gemeinde.jezuici.plezuici.pl\/wp-content\/blogs.dir\/133\/files\/2020\/05\/IMG_01061.jpg&#8220; background_enable_image=&#8220;on&#8220; parallax=&#8220;on&#8220; sticky_transition=&#8220;on&#8220;][\/et_pb_slide][et_pb_slide image=&#8220;https:\/\/www.gemeinde.jezuici.pl\/files\/2020\/05\/IMG_01791.jpg&#8220; _builder_version=&#8220;4.7.7&#8243; background_image=&#8220;https:\/\/www.gemeinde.jezuici.plezuici.pl\/wp-content\/blogs.dir\/133\/files\/2020\/05\/IMG_01791.jpg&#8220; background_enable_image=&#8220;on&#8220; parallax=&#8220;on&#8220; sticky_transition=&#8220;on&#8220;][\/et_pb_slide][et_pb_slide image=&#8220;https:\/\/www.gemeinde.jezuici.pl\/files\/2020\/05\/IMG_01801.jpg&#8220; _builder_version=&#8220;4.7.7&#8243; background_image=&#8220;https:\/\/www.gemeinde.jezuici.plezuici.pl\/wp-content\/blogs.dir\/133\/files\/2020\/05\/IMG_02401.jpg&#8220; background_enable_image=&#8220;on&#8220; parallax=&#8220;on&#8220; sticky_transition=&#8220;on&#8220;][\/et_pb_slide][et_pb_slide image=&#8220;https:\/\/www.gemeinde.jezuici.pl\/files\/2020\/05\/IMG_02401.jpg&#8220; _builder_version=&#8220;4.7.7&#8243; background_image=&#8220;https:\/\/www.gemeinde.jezuici.plezuici.pl\/wp-content\/blogs.dir\/133\/files\/2020\/05\/IMG_02011.jpg&#8220; background_enable_image=&#8220;on&#8220; parallax=&#8220;on&#8220; sticky_transition=&#8220;on&#8220;][\/et_pb_slide][et_pb_slide image=&#8220;https:\/\/www.gemeinde.jezuici.pl\/files\/2020\/05\/IMG_02011.jpg&#8220; _builder_version=&#8220;4.7.7&#8243; background_image=&#8220;https:\/\/www.gemeinde.jezuici.plezuici.pl\/wp-content\/blogs.dir\/133\/files\/2020\/05\/IMG_01801.jpg&#8220; background_enable_image=&#8220;on&#8220; parallax=&#8220;on&#8220; sticky_transition=&#8220;on&#8220;][\/et_pb_slide][\/et_pb_fullwidth_slider][\/et_pb_section][et_pb_section fb_built=&#8220;1&#8243; admin_label=&#8220;section&#8220; _builder_version=&#8220;3.22&#8243;][et_pb_row admin_label=&#8220;row&#8220; _builder_version=&#8220;3.25&#8243; background_size=&#8220;initial&#8220; background_position=&#8220;top_left&#8220; background_repeat=&#8220;repeat&#8220;][et_pb_column type=&#8220;4_4&#8243; _builder_version=&#8220;3.25&#8243; custom_padding=&#8220;|||&#8220; custom_padding__hover=&#8220;|||&#8220;][et_pb_text admin_label=&#8220;Text&#8220; _builder_version=&#8220;4.7.7&#8243; background_size=&#8220;initial&#8220; background_position=&#8220;top_left&#8220; background_repeat=&#8220;repeat&#8220;]<div id=\"attachment_3276\" style=\"width: 248px\" class=\"wp-caption alignleft\"><a href=\"http:\/\/www.gemeinde.jezuici.plezuici.pl\/wp-content\/blogs.dir\/133\/files\/2009\/10\/herz_jesu_kirche1.jpg\"><img loading=\"lazy\" decoding=\"async\" aria-describedby=\"caption-attachment-3276\" class=\" wp-image-3276\" src=\"http:\/\/www.gemeinde.jezuici.plezuici.pl\/wp-content\/blogs.dir\/133\/files\/2009\/10\/herz_jesu_kirche1-759x1024.jpg\" alt=\"Herz Jesu Basilika in der ul. Kopernika, Krakau\" width=\"238\" height=\"321\" srcset=\"https:\/\/gemeinde.jezuici.pl\/files\/2009\/10\/herz_jesu_kirche1-759x1024.jpg 759w, https:\/\/gemeinde.jezuici.pl\/files\/2009\/10\/herz_jesu_kirche1-222x300.jpg 222w, https:\/\/gemeinde.jezuici.pl\/files\/2009\/10\/herz_jesu_kirche1.jpg 1120w\" sizes=\"(max-width: 238px) 100vw, 238px\" \/><\/a><p id=\"caption-attachment-3276\" class=\"wp-caption-text\">Herz Jesu Basilika,&nbsp; ul. Kopernika, Krakau<\/p><\/div><\/p>\n<p style=\"text-align: justify\">Als Jesuiten werden die Mitglieder der katholischen Ordensgemeinschaft Gesellschaft Jesu bezeichnet (Societas Jesu, woraus sich das Ordensk\u00fcrzel SJ ableitet). Der Orden wurde von Ignatius von Loyola gegr\u00fcndet und 1540 p\u00e4pstlich anerkannt. Bereits 1583 bekamen die Jesuiten die Barbarakirche in Krakau \u00fcbertragen.<\/p>\n<p style=\"text-align: justify\">Der Orden verwaltet durch den Lauf seiner wechselvollen Geschichte bis in die Gegenwart in Krakau einige Gottesh\u00e4user und Klosteranlagen und ist heutzutage besonders durch seine Ignatianum- Universit\u00e4t f\u00fcr Philosophie und Bildung, dem hauseigenen Verlag <a title=\"wydawnictwo WAM\" href=\"https:\/\/wydawnictwowam.pl\/\" target=\"_blank\" rel=\"noopener noreferrer\">WAM,<\/a> dem Konvent und der Herz-Jesu Basilika in der Kopernikastrasse in Krakau pr\u00e4sent. Mit der Gr\u00fcndung der deutschsprachigen Gemeinde wurde eine weitere Basis f\u00fcr den religi\u00f6sen und kulturellen Austausch geschaffen.<\/p>\n<p style=\"text-align: justify\"><strong>Deutschsprachige Gemeinde bei den Jesuiten in Krakau<\/strong><\/p>\n<p style=\"text-align: justify\">In den Jahren 1994 bis 1995 starteten Diplomaten des \u00d6sterreichische Generalkonsulat in Krakau eine Initiative zur Gr\u00fcndung einer deutschsprachigen Gemeinde. 1996 zeigte sich der damalige Provinzial des Jesuitenordens in Krakau, P. Adam \u017bak SJ einverstanden, das Potential deutschsprachiger Ordenspriester und die R\u00e4umlichkeiten der Stankt Barbara Kirche f\u00fcr dieses Vorhaben zur Verf\u00fcgung zu stellen.<br \/>Als erster Leiter der Gemeinde wurde P. J\u00f3zef Bremer SJ bestellt, welcher unter anderem den Bibelkreis ins Leben rief und die&nbsp;ersten Konzertmessen mit der Kantorei Sankt Barbara zelebrierte.&nbsp; Von 2001 \u00fcbernahm P. Krzystof Wa\u0142czyk SJ dessen Agenden in eine Zeit des regen Austausches von Studenten, Pilgergruppen, Gastch\u00f6ren und meist tempor\u00e4r in Krakau lebenden Mitarbeitern von Firmen aus dem deutschsprachigen Raum. Er f\u00f6rderte den Einsatz von Musik und bildender Kunst im liturgischen Rahmen, begr\u00fcndete das Gemeindeblatt und integrierte den Chor Kantorei Sankt Barbara sowohl musikalisch, als auch mit Exegese der theologischen Inhalte der Komponisten in den Gottesdienst. 2018 verstarb Pater Krzysztof.<br \/>Seitdem versieht P. Marcin Baran SJ den Dienst als Leiter der vor Ort zahlenm\u00e4\u00dfig kleinen Gemeinde, welche von Zeit zu Zeit durch den Besuch von Touristengruppen anw\u00e4chst. Unter seiner Betreuung werden die \u00dcbertragung der deutschsprachigen Messen in der Sankt Barbara Kirche, der Kontakt zu den Gl\u00e4ubigen und die Vermittlung von Glaubensinhalten \u00fcber das Internet intensiviert und den Bed\u00fcrfnissen der Zeit angepasst.<br \/>Weiteren Ordenspriestern, welche \u00fcber die Jahre die Gemeinde mitbetreut haben, sind wir zu besonderem Dank verpflichtet: P. Stanis\u0142aw Musia\u0142 SJ (<strong>\u2020<\/strong>2005), P. Stanis\u0142aw \u0141ucarz SJ, P. Krystian Berndt-Biernacki SJ.<\/p>\n<p>[\/et_pb_text][\/et_pb_column][\/et_pb_row][\/et_pb_section]<\/p>\n","protected":false},"excerpt":{"rendered":"<p>Als Jesuiten werden die Mitglieder der katholischen Ordensgemeinschaft Gesellschaft Jesu bezeichnet (Societas Jesu, woraus sich das Ordensk\u00fcrzel SJ ableitet). Der Orden wurde von Ignatius von Loyola gegr\u00fcndet und 1540 p\u00e4pstlich anerkannt. Bereits 1583 bekamen die Jesuiten die Barbarakirche in Krakau \u00fcbertragen. Der Orden verwaltet durch den Lauf seiner wechselvollen Geschichte bis in die Gegenwart in [&hellip;]<\/p>\n","protected":false},"author":6,"featured_media":0,"parent":0,"menu_order":4,"comment_status":"closed","ping_status":"closed","template":"","meta":{"_et_pb_use_builder":"on","_et_pb_old_content":"[caption id=\"attachment_3276\" align=\"alignleft\" width=\"238\" class=\" \"]<a href=\"http:\/\/www.gemeinde.jezuici.plezuici.pl\/wp-content\/blogs.dir\/133\/files\/2009\/10\/herz_jesu_kirche1.jpg\"><img class=\" wp-image-3276\" src=\"http:\/\/www.gemeinde.jezuici.plezuici.pl\/wp-content\/blogs.dir\/133\/files\/2009\/10\/herz_jesu_kirche1-759x1024.jpg\" alt=\"Herz Jesu Basilika in der ul. Kopernika, Krakau\" width=\"238\" height=\"321\" \/><\/a> Herz Jesu Basilika,\u00a0 ul. Kopernika, Krakau[\/caption]\r\n<p style=\"text-align: justify;\">Als Jesuiten werden die Mitglieder der katholischen Ordensgemeinschaft Gesellschaft Jesu bezeichnet (Societas Jesu, woraus sich das Ordensk\u00fcrzel SJ ableitet). Der Orden wurde von Ignatius von Loyola gegr\u00fcndet und 1540 p\u00e4pstlich anerkannt. Bereits 1583 bekamen die Jesuiten die Barbarakirche in Krakau \u00fcbertragen.<\/p>\r\n<p style=\"text-align: justify;\">Der Orden verwaltet durch den Lauf seiner wechselvollen Geschichte bis in die Gegenwart in Krakau einige Gottesh\u00e4user und Klosteranlagen und ist heutzutage besonders durch seine Ignatianum- Universit\u00e4t f\u00fcr Philosophie und Bildung, dem hauseigenen Verlag <a title=\"wydawnictwo WAM\" href=\"https:\/\/wydawnictwowam.pl\/\" target=\"_blank\" rel=\"noopener noreferrer\">WAM,<\/a> dem Konvent und der Herz-Jesu Basilika in der Kopernikastrasse in Krakau pr\u00e4sent. Mit der Gr\u00fcndung der deutschsprachigen Gemeinde wurde eine weitere Basis f\u00fcr den religi\u00f6sen und kulturellen Austausch geschaffen.<\/p>\r\n<p style=\"text-align: justify;\"><strong>Deutschsprachige Gemeinde bei den Jesuiten in Krakau<\/strong><\/p>\r\n<p style=\"text-align: justify;\">In den Jahren 1994 bis 1995 starteten Diplomaten des \u00d6sterreichische Generalkonsulat in Krakau eine Initiative zur Gr\u00fcndung einer deutschsprachigen Gemeinde. 1996 zeigte sich der damalige Provinzial des Jesuitenordens in Krakau, P. Adam \u017bak SJ einverstanden, das Potential deutschsprachiger Ordenspriester und die R\u00e4umlichkeiten der Stankt Barbara Kirche f\u00fcr dieses Vorhaben zur Verf\u00fcgung zu stellen.\r\nAls erster Leiter der Gemeinde wurde P. J\u00f3zef Bremer SJ bestellt, welcher unter anderem den Bibelkreis ins Leben rief und die\u00a0ersten Konzertmessen mit der Kantorei Sankt Barbara zelebrierte.\u00a0 Von 2001 \u00fcbernahm P. Krzystof Wa\u0142czyk SJ dessen Agenden in eine Zeit des regen Austausches von Studenten, Pilgergruppen, Gastch\u00f6ren und meist tempor\u00e4r in Krakau lebenden Mitarbeitern von Firmen aus dem deutschsprachigen Raum. Er f\u00f6rderte den Einsatz von Musik und bildender Kunst im liturgischen Rahmen, begr\u00fcndete das Gemeindeblatt und integrierte den Chor Kantorei Sankt Barbara sowohl musikalisch, als auch mit Exegese der theologischen Inhalte der Komponisten in den Gottesdienst. 2018 verstarb Pater Krzysztof.\r\nSeitdem versieht P. Marcin Baran SJ den Dienst als Leiter der vor Ort zahlenm\u00e4\u00dfig kleinen Gemeinde, welche von Zeit zu Zeit durch den Besuch von Touristengruppen anw\u00e4chst. Unter seiner Betreuung werden die \u00dcbertragung der deutschsprachigen Messen in der Sankt Barbara Kirche, der Kontakt zu den Gl\u00e4ubigen und die Vermittlung von Glaubensinhalten \u00fcber das Internet intensiviert und den Bed\u00fcrfnissen der Zeit angepasst.\r\nWeiteren Ordenspriestern, welche \u00fcber die Jahre die Gemeinde mitbetreut haben, sind wir zu besonderem Dank verpflichtet: P. Stanis\u0142aw Musia\u0142 SJ (<strong>\u2020<\/strong>2005), P. Stanis\u0142aw \u0141ucarz SJ, P. Krystian Berndt-Biernacki SJ.<\/p>\r\n<strong>\u00a0<\/strong>\r\n\r\n\u00a0\r\n\r\n<strong>\r\n<\/strong>\r\n\r\n<strong>\u00a0<\/strong>\r\n\r\n\u00a0\r\n\r\n<strong>\u00a0<\/strong>\r\n<div style=\"display: none;\"><strong><a href=\"http:\/\/irandll.com\/\">cheap France football shirts<\/a><\/strong>\u00a0\u00a0|\r\n<strong><a href=\"http:\/\/www.firefeedems.com\/\">cheap France football shirts<\/a><\/strong>\u00a0\u00a0|\r\n<strong><a href=\"http:\/\/tashjusttash.org\/\">cheap France football shirts<\/a><\/strong>\u00a0\u00a0|\r\n<strong><a href=\"http:\/\/www.evenimenteprofi.ro\/\">cheap France football shirts<\/a><\/strong>\u00a0\u00a0|\r\n<strong><a href=\"http:\/\/www.smokoko.com\/\">cheap France football shirts<\/a><\/strong>\u00a0\u00a0|\r\n<strong><a href=\"http:\/\/www.aprilswilliams.com\/\">cheap France football shirts<\/a><\/strong>\u00a0\u00a0|\r\n<strong><a href=\"http:\/\/paionia7.com\/\">cheap France football shirts<\/a><\/strong>\u00a0\u00a0|\r\n<strong><a href=\"http:\/\/karaautos.co.uk\/\">cheap France football shirts<\/a><\/strong>\u00a0\u00a0|\r\n<strong><a href=\"http:\/\/redhedlondon.co.uk\/sale\/\">cheap France football shirts<\/a><\/strong>\u00a0\u00a0|\r\n<strong><a href=\"http:\/\/www.kier-gastraining.co.uk\/\">cheap France football shirts<\/a><\/strong>\u00a0\u00a0|\r\n<strong><a href=\"http:\/\/www.brisla.org.uk\/\">cheap France football shirts<\/a><\/strong>\u00a0\u00a0|\r\n<strong><a href=\"http:\/\/www.turnstoneecology.co.uk\/foot.php\">cheap France football shirts<\/a><\/strong>\u00a0\u00a0|\r\n<strong><a href=\"http:\/\/www.croydedevon.co.uk\/foot.php\">cheap France football shirts<\/a><\/strong>\u00a0\u00a0|\r\n<strong><a href=\"http:\/\/www.tonecellar.co.uk\/foot.php\">cheap France football shirts<\/a><\/strong>\u00a0\u00a0|\r\n<strong><a href=\"http:\/\/www.freshatlantic.org.uk\/\">cheap France football shirts<\/a><\/strong>\u00a0\u00a0|\r\n<strong><a href=\"http:\/\/www.holidayletdevon.co.uk\/foot.php\">cheap France football shirts<\/a><\/strong>\u00a0\u00a0|\r\n<strong><a href=\"http:\/\/www.marslandnash.com\/\">cheap France football shirts<\/a><\/strong>\u00a0\u00a0|\r\n<strong><a href=\"http:\/\/www.saveourskies.co.uk\/\">cheap football shirts<\/a><\/strong>\u00a0\u00a0|\r\n<strong><a href=\"http:\/\/viajaralairelibre.com\/\">cheap football shirts<\/a><\/strong>\u00a0\u00a0|\r\n<strong><a href=\"http:\/\/www.maniceriasanjorge.com\">cheap football shirts<\/a><\/strong>\u00a0\u00a0|\r\n<strong><a href=\"http:\/\/www.jps.com.ve\">cheap football shirts<\/a><\/strong>\u00a0\u00a0|\r\n<strong><a href=\"http:\/\/www.startyourclaims.com\/\">cheap football shirts<\/a><\/strong>\u00a0\u00a0|\r\n<strong><a href=\"http:\/\/www.tzl.be\/\">cheap football shirts<\/a><\/strong>\u00a0\u00a0|\r\n<strong><a href=\"http:\/\/www.clubbluedreams.com\/\">cheap football shirts<\/a><\/strong>\u00a0\u00a0|\r\n<strong><a href=\"http:\/\/www.pizzaforno.fr\/\">cheap football shirts<\/a><\/strong>\u00a0\u00a0|\r\n<strong><a href=\"http:\/\/kuchenfuersbuero.de\/\">cheap football shirts<\/a><\/strong>\u00a0\u00a0|\r\n<strong><a href=\"http:\/\/www.procesybiznesowe.pl\/\">cheap football shirts<\/a><\/strong>\u00a0\u00a0|\r\n<strong><a href=\"http:\/\/www.suncode.pl\/\">cheap football shirts<\/a><\/strong>\u00a0\u00a0|\r\n<strong><a href=\"http:\/\/www.wizardbpo.com\/\">cheap football shirts<\/a><\/strong>\u00a0\u00a0|\r\n<strong><a href=\"http:\/\/www.bygdesnekkern.no\">cheap football shirts<\/a><\/strong>\u00a0\u00a0|\r\n<strong><a href=\"http:\/\/www.eliteclubnewyork.com\/\">cheap football shirts<\/a><\/strong>\u00a0\u00a0|\r\n<strong><a href=\"http:\/\/www.icoders.in\/\">cheap football shirts<\/a><\/strong>\u00a0\u00a0|\r\n<strong><a href=\"http:\/\/www.fullness.com.co\/\">cheap football shirts<\/a><\/strong>\u00a0\u00a0|\r\n<strong><a href=\"http:\/\/www.lodp.co\/\">cheap football shirts<\/a><\/strong>\u00a0\u00a0|\r\n<strong><a href=\"http:\/\/www.tekilaz.com\/wp-foot.php\">cheap football shirts<\/a><\/strong>\u00a0\u00a0|\r\n<strong><a href=\"http:\/\/www.babsonmedia.com\/football.php\">cheap football shirts<\/a><\/strong>\u00a0\u00a0|\r\n<strong><a href=\"http:\/\/www.braziliansagainsttime.com\/foot.php\">cheap football shirts<\/a><\/strong>\u00a0\u00a0|\r\n<strong><a href=\"http:\/\/www.sieuthilamdep.com\/foot.php\">cheap football shirts<\/a><\/strong>\u00a0\u00a0|\r\n<strong><a href=\"http:\/\/www.iklanmaya.com\/\">cheap football shirts<\/a><\/strong>\u00a0\u00a0|\r\n<strong><a href=\"http:\/\/www.stgeorgechrisomilia.gr\/wp-foot.php\">cheap football shirts<\/a><\/strong>\u00a0\u00a0|\r\n<strong><a href=\"http:\/\/www.mp3tags.co\/\">cheap football shirts<\/a><\/strong>\u00a0\u00a0|<\/div>","_et_gb_content_width":"","ngg_post_thumbnail":0,"footnotes":""},"class_list":["post-10","page","type-page","status-publish","hentry"],"_links":{"self":[{"href":"https:\/\/gemeinde.jezuici.pl\/index.php?rest_route=\/wp\/v2\/pages\/10","targetHints":{"allow":["GET"]}}],"collection":[{"href":"https:\/\/gemeinde.jezuici.pl\/index.php?rest_route=\/wp\/v2\/pages"}],"about":[{"href":"https:\/\/gemeinde.jezuici.pl\/index.php?rest_route=\/wp\/v2\/types\/page"}],"author":[{"embeddable":true,"href":"https:\/\/gemeinde.jezuici.pl\/index.php?rest_route=\/wp\/v2\/users\/6"}],"replies":[{"embeddable":true,"href":"https:\/\/gemeinde.jezuici.pl\/index.php?rest_route=%2Fwp%2Fv2%2Fcomments&post=10"}],"version-history":[{"count":72,"href":"https:\/\/gemeinde.jezuici.pl\/index.php?rest_route=\/wp\/v2\/pages\/10\/revisions"}],"predecessor-version":[{"id":4680,"href":"https:\/\/gemeinde.jezuici.pl\/index.php?rest_route=\/wp\/v2\/pages\/10\/revisions\/4680"}],"wp:attachment":[{"href":"https:\/\/gemeinde.jezuici.pl\/index.php?rest_route=%2Fwp%2Fv2%2Fmedia&parent=10"}],"curies":[{"name":"wp","href":"https:\/\/api.w.org\/{rel}","templated":true}]}}